{"id":2419,"date":"2026-04-15T16:01:31","date_gmt":"2026-04-15T16:01:31","guid":{"rendered":"https:\/\/rafaelpedrosadorado.com\/?page_id=2419"},"modified":"2026-04-26T11:10:14","modified_gmt":"2026-04-26T11:10:14","slug":"about","status":"publish","type":"page","link":"https:\/\/rafaelpedrosadorado.com\/es\/about\/","title":{"rendered":"About"},"content":{"rendered":"<div data-elementor-type=\"wp-page\" data-elementor-id=\"2419\" class=\"elementor elementor-2419\">\n\t\t\t\t<div class=\"elementor-element elementor-element-909e740 e-flex e-con-boxed e-con e-parent\" data-id=\"909e740\" data-element_type=\"container\" data-e-type=\"container\">\n\t\t\t\t\t<div class=\"e-con-inner\">\n\t\t<div class=\"elementor-element elementor-element-6a90b14 e-con-full container-m e-flex e-con e-child\" data-id=\"6a90b14\" data-element_type=\"container\" data-e-type=\"container\">\n\t\t<div class=\"elementor-element elementor-element-9e67e3e e-con-full elementor-hidden-tablet elementor-hidden-mobile e-flex e-con e-child\" data-id=\"9e67e3e\" data-element_type=\"container\" data-e-type=\"container\" data-settings=\"{&quot;background_background&quot;:&quot;classic&quot;}\">\n\t\t\t\t<\/div>\n\t\t<div class=\"elementor-element elementor-element-86456a5 e-con-full e-flex e-con e-child\" data-id=\"86456a5\" data-element_type=\"container\" data-e-type=\"container\">\n\t\t\t\t<div class=\"elementor-element elementor-element-06bfda6 fx-animation-scroll fx-title-line elementor-widget elementor-widget-heading\" data-id=\"06bfda6\" data-element_type=\"widget\" data-e-type=\"widget\" data-widget_type=\"heading.default\">\n\t\t\t\t<div class=\"elementor-widget-container\">\n\t\t\t\t\t<h1 class=\"elementor-heading-title elementor-size-default\">About<\/h1>\t\t\t\t<\/div>\n\t\t\t\t<\/div>\n\t\t\t\t<div class=\"elementor-element elementor-element-bf4af1c elementor-widget__width-initial elementor-widget elementor-widget-text-editor\" data-id=\"bf4af1c\" data-element_type=\"widget\" data-e-type=\"widget\" data-widget_type=\"text-editor.default\">\n\t\t\t\t<div class=\"elementor-widget-container\">\n\t\t\t\t\t\t\t\t\t<p><span style=\"font-weight: 400;\">Caminar es un elemento fundamental en  mi pr\u00e1ctica. Durante mis paseos cotidianos, exploro mi relaci\u00f3n con el entorno y observo c\u00f3mo se crean, se delimitan y se utilizan los espacios. Me centro en los l\u00edmites f\u00edsicos \u2014especialmente en las vallas\u2014 y en c\u00f3mo estos definen los caminos y organizan los espacios. Me interesan sus formas, materiales y ubicaciones, pero tambi\u00e9n sus implicaciones sociales y pol\u00edticas.<\/span><\/p><p><span style=\"font-weight: 400;\">A trav\u00e9s del dibujo y la pintura, exploro el lenguaje y la materialidad de las vallas en distintos entornos, como los caminos que bordean la orilla sur del r\u00edo T\u00e1mesis y en zonas suburbanas. Mediante mi trabajo, me intereso por los significados ambiguos de estas estructuras, explorando la contradicci\u00f3n de conceptos como la presencia y la invisibilidad, la rigidez y la temporalidad, la interrupci\u00f3n y la repetici\u00f3n, y el espacio p\u00fablico y privado. Abordo las vallas como umbrales: elementos de transici\u00f3n que se sit\u00faan entre estas condiciones.<\/span><\/p><p><span style=\"font-weight: 400;\">El proceso y la materialidad son fundamentales en mi trabajo. Combino elementos gr\u00e1ficos, formas pict\u00f3ricas y t\u00e9cnicas de frottage donde el gesto, la textura y la acumulaci\u00f3n de trazos ponen de relieve el trabajo f\u00edsico de la creaci\u00f3n. Durante el proceso creativo, exploro las sensaciones de movimiento y tr\u00e1nsito a trav\u00e9s de colores, formas y l\u00edneas. Al mismo tiempo, busco transmitir la experiencia corporal de caminar y los encuentros con los l\u00edmites mediante t\u00e9cnicas de engofrado, transfiriendo las texturas de las vallas al tejido, creando vol\u00famenes sobre el lienzo.<\/span><\/p><p><span style=\"font-weight: 400;\">Mi trabajo funciona como un mapa de las sensaciones de mis paseos, donde las diferentes capas se superponen y muestran m\u00faltiples formas de mirar, de moverse, de permanecer en el medio, de saltar entre l\u00edneas, de ocupar el volumen o dibujar un nuevo espacio.<\/span><\/p><p><span style=\"font-weight: 400;\">Concibo caminar como una forma de cuestionar y redefinir los l\u00edmites. En combinaci\u00f3n con mi pr\u00e1ctica y mi investigaci\u00f3n, esto me permite experimentar los espacios como algo fluido, inestable y abierto a nuevas interpretaciones.<\/span><\/p>\t\t\t\t\t\t\t\t<\/div>\n\t\t\t\t<\/div>\n\t\t\t\t<div class=\"elementor-element elementor-element-926865a elementor-widget elementor-widget-heading\" data-id=\"926865a\" data-element_type=\"widget\" data-e-type=\"widget\" data-widget_type=\"heading.default\">\n\t\t\t\t<div class=\"elementor-widget-container\">\n\t\t\t\t\t<h2 class=\"elementor-heading-title elementor-size-default\">CV<\/h2>\t\t\t\t<\/div>\n\t\t\t\t<\/div>\n\t\t<div class=\"elementor-element elementor-element-510cbe5 e-con-full e-flex e-con e-child\" data-id=\"510cbe5\" data-element_type=\"container\" data-e-type=\"container\">\n\t\t\t\t<div class=\"elementor-element elementor-element-0e33b15 elementor-widget elementor-widget-heading\" data-id=\"0e33b15\" data-element_type=\"widget\" data-e-type=\"widget\" data-widget_type=\"heading.default\">\n\t\t\t\t<div class=\"elementor-widget-container\">\n\t\t\t\t\t<h3 class=\"elementor-heading-title elementor-size-default\">Solo Exhibitions<\/h3>\t\t\t\t<\/div>\n\t\t\t\t<\/div>\n\t\t\t\t<div class=\"elementor-element elementor-element-cb7e7bb elementor-widget elementor-widget-text-editor\" data-id=\"cb7e7bb\" data-element_type=\"widget\" data-e-type=\"widget\" data-widget_type=\"text-editor.default\">\n\t\t\t\t<div class=\"elementor-widget-container\">\n\t\t\t\t\t\t\t\t\t<ul><li><strong>2025<\/strong> | Aperitivos del paisaje, Ficciones. Murcia, Spain<\/li><li><strong>2024<\/strong> | Colour Motion, Picture House, London U.K.<\/li><li><strong>2023<\/strong> | M@ Sensaciones de Ida y Vuelta. CEART, Madrid Spain.<\/li><li><strong>2022<\/strong> | Colindante Verde, Ficciones. Murcia Madrid<\/li><\/ul>\t\t\t\t\t\t\t\t<\/div>\n\t\t\t\t<\/div>\n\t\t\t\t<div class=\"elementor-element elementor-element-5e53a0d elementor-widget elementor-widget-heading\" data-id=\"5e53a0d\" data-element_type=\"widget\" data-e-type=\"widget\" data-widget_type=\"heading.default\">\n\t\t\t\t<div class=\"elementor-widget-container\">\n\t\t\t\t\t<h3 class=\"elementor-heading-title elementor-size-default\">Collective exhibition<\/h3>\t\t\t\t<\/div>\n\t\t\t\t<\/div>\n\t\t\t\t<div class=\"elementor-element elementor-element-a513633 elementor-widget elementor-widget-text-editor\" data-id=\"a513633\" data-element_type=\"widget\" data-e-type=\"widget\" data-widget_type=\"text-editor.default\">\n\t\t\t\t<div class=\"elementor-widget-container\">\n\t\t\t\t\t\t\t\t\t<p><strong>2025<\/strong><\/p><ul><li>How the lights gets in, The Marylebone Gallery. London U.K.<\/li><li>The Drift of the Floating Dock, Simmons Coffee. London U.K.<\/li><\/ul>\t\t\t\t\t\t\t\t<\/div>\n\t\t\t\t<\/div>\n\t\t\t\t<div class=\"elementor-element elementor-element-f01c1c1 elementor-widget elementor-widget-text-editor\" data-id=\"f01c1c1\" data-element_type=\"widget\" data-e-type=\"widget\" data-widget_type=\"text-editor.default\">\n\t\t\t\t<div class=\"elementor-widget-container\">\n\t\t\t\t\t\t\t\t\t<p><strong>2024<\/strong><\/p><ul><li>Untie-Freeze 8 Cave Pimlico London Uk.<\/li><li>The Entranced Essence, Rupturexibit. London Uk<\/li><\/ul>\t\t\t\t\t\t\t\t<\/div>\n\t\t\t\t<\/div>\n\t\t\t\t<div class=\"elementor-element elementor-element-dbb74a8 elementor-widget elementor-widget-text-editor\" data-id=\"dbb74a8\" data-element_type=\"widget\" data-e-type=\"widget\" data-widget_type=\"text-editor.default\">\n\t\t\t\t<div class=\"elementor-widget-container\">\n\t\t\t\t\t\t\t\t\t<p><strong>2023<\/strong><\/p><ul><li>Lawless Imagination, Rupturexibit. London Uk<\/li><li>Untie-Freeze 7 Cave Pimlico London Uk.<\/li><li>ING Discening Eye, Chris Levine&#8217;s Selection, Mall Gallery, London Uk<\/li><\/ul>\t\t\t\t\t\t\t\t<\/div>\n\t\t\t\t<\/div>\n\t\t\t\t<div class=\"elementor-element elementor-element-5755ec9 elementor-widget elementor-widget-text-editor\" data-id=\"5755ec9\" data-element_type=\"widget\" data-e-type=\"widget\" data-widget_type=\"text-editor.default\">\n\t\t\t\t<div class=\"elementor-widget-container\">\n\t\t\t\t\t\t\t\t\t<p><strong>2022<\/strong><\/p><ul><li>Untie-Freeze 6 Cave Pimlico London Uk.<\/li><li>Above and Below, Artizangallery. Torquey, Uk<\/li><li>73 Summer Exhibition Chelsea Art Society, London, Uk<\/li><\/ul>\t\t\t\t\t\t\t\t<\/div>\n\t\t\t\t<\/div>\n\t\t\t\t<div class=\"elementor-element elementor-element-421c290 elementor-widget elementor-widget-heading\" data-id=\"421c290\" data-element_type=\"widget\" data-e-type=\"widget\" data-widget_type=\"heading.default\">\n\t\t\t\t<div class=\"elementor-widget-container\">\n\t\t\t\t\t<h3 class=\"elementor-heading-title elementor-size-default\">Formation<\/h3>\t\t\t\t<\/div>\n\t\t\t\t<\/div>\n\t\t\t\t<div class=\"elementor-element elementor-element-6a5130a elementor-widget elementor-widget-text-editor\" data-id=\"6a5130a\" data-element_type=\"widget\" data-e-type=\"widget\" data-widget_type=\"text-editor.default\">\n\t\t\t\t<div class=\"elementor-widget-container\">\n\t\t\t\t\t\t\t\t\t<ul><li><strong>2024- 2026<\/strong> | MA Fine Arts, City and Guilds Art School. London Uk<\/li><li><strong>2015<\/strong> | CAP Picture Framer, Magma Formation. Marseille, France.<\/li><li><strong>2000- 2005<\/strong> | Fine Art Degree, Complutense University of Madrid. Spain<\/li><\/ul>\t\t\t\t\t\t\t\t<\/div>\n\t\t\t\t<\/div>\n\t\t\t\t<\/div>\n\t\t\t\t<\/div>\n\t\t<div class=\"elementor-element elementor-element-752e964 e-con-full elementor-hidden-desktop elementor-hidden-laptop e-flex e-con e-child\" data-id=\"752e964\" data-element_type=\"container\" data-e-type=\"container\">\n\t\t\t\t<div class=\"elementor-element elementor-element-164b4f4 elementor-widget elementor-widget-image\" data-id=\"164b4f4\" data-element_type=\"widget\" data-e-type=\"widget\" data-widget_type=\"image.default\">\n\t\t\t\t<div class=\"elementor-widget-container\">\n\t\t\t\t\t\t\t\t\t\t\t\t\t\t\t<img fetchpriority=\"high\" decoding=\"async\" width=\"270\" height=\"1017\" src=\"https:\/\/rafaelpedrosadorado.com\/wp-content\/uploads\/2026\/04\/about.webp\" class=\"attachment-large size-large wp-image-2841\" alt=\"\" srcset=\"https:\/\/rafaelpedrosadorado.com\/wp-content\/uploads\/2026\/04\/about.webp 270w, https:\/\/rafaelpedrosadorado.com\/wp-content\/uploads\/2026\/04\/about-80x300.webp 80w, https:\/\/rafaelpedrosadorado.com\/wp-content\/uploads\/2026\/04\/about-3x12.webp 3w\" sizes=\"(max-width: 270px) 100vw, 270px\" \/>\t\t\t\t\t\t\t\t\t\t\t\t\t\t\t<\/div>\n\t\t\t\t<\/div>\n\t\t\t\t<\/div>\n\t\t\t\t<\/div>\n\t\t\t\t\t<\/div>\n\t\t\t\t<\/div>\n\t\t\t\t<\/div>","protected":false},"excerpt":{"rendered":"<p>About Walking is central to my practice. On everyday walks, I explore my relationship with the surroundings and observe how spaces are created, limited and used. I focus on physical boundaries\u2014particularly fences\u2014and how these define pathways and organise spaces. I am interested in their forms, materials and locations as well as\u00a0 their social and political [&hellip;]<\/p>\n","protected":false},"author":1,"featured_media":0,"parent":0,"menu_order":0,"comment_status":"closed","ping_status":"closed","template":"","meta":{"footnotes":""},"class_list":["post-2419","page","type-page","status-publish","hentry"],"yoast_head":"<!-- This site is optimized with the Yoast SEO plugin v27.2 - https:\/\/yoast.com\/product\/yoast-seo-wordpress\/ -->\n<title>About -<\/title>\n<meta name=\"robots\" content=\"index, follow, max-snippet:-1, max-image-preview:large, max-video-preview:-1\" \/>\n<link rel=\"canonical\" href=\"https:\/\/rafaelpedrosadorado.com\/es\/about\/\" \/>\n<meta property=\"og:locale\" content=\"es_ES\" \/>\n<meta property=\"og:type\" content=\"article\" \/>\n<meta property=\"og:title\" content=\"About -\" \/>\n<meta property=\"og:description\" content=\"About Walking is central to my practice. On everyday walks, I explore my relationship with the surroundings and observe how spaces are created, limited and used. I focus on physical boundaries\u2014particularly fences\u2014and how these define pathways and organise spaces. I am interested in their forms, materials and locations as well as\u00a0 their social and political [&hellip;]\" \/>\n<meta property=\"og:url\" content=\"https:\/\/rafaelpedrosadorado.com\/es\/about\/\" \/>\n<meta property=\"article:modified_time\" content=\"2026-04-26T11:10:14+00:00\" \/>\n<meta property=\"og:image\" content=\"https:\/\/rafaelpedrosadorado.com\/wp-content\/uploads\/2026\/04\/about.webp\" \/>\n\t<meta property=\"og:image:width\" content=\"270\" \/>\n\t<meta property=\"og:image:height\" content=\"1017\" \/>\n\t<meta property=\"og:image:type\" content=\"image\/webp\" \/>\n<meta name=\"twitter:card\" content=\"summary_large_image\" \/>\n<meta name=\"twitter:label1\" content=\"Tiempo de lectura\" \/>\n\t<meta name=\"twitter:data1\" content=\"3 minutos\" \/>\n<script type=\"application\/ld+json\" class=\"yoast-schema-graph\">{\"@context\":\"https:\/\/schema.org\",\"@graph\":[{\"@type\":\"WebPage\",\"@id\":\"https:\/\/rafaelpedrosadorado.com\/about\/\",\"url\":\"https:\/\/rafaelpedrosadorado.com\/about\/\",\"name\":\"About -\",\"isPartOf\":{\"@id\":\"https:\/\/rafaelpedrosadorado.com\/#website\"},\"primaryImageOfPage\":{\"@id\":\"https:\/\/rafaelpedrosadorado.com\/about\/#primaryimage\"},\"image\":{\"@id\":\"https:\/\/rafaelpedrosadorado.com\/about\/#primaryimage\"},\"thumbnailUrl\":\"https:\/\/rafaelpedrosadorado.com\/wp-content\/uploads\/2026\/04\/about.webp\",\"datePublished\":\"2026-04-15T16:01:31+00:00\",\"dateModified\":\"2026-04-26T11:10:14+00:00\",\"breadcrumb\":{\"@id\":\"https:\/\/rafaelpedrosadorado.com\/about\/#breadcrumb\"},\"inLanguage\":\"es\",\"potentialAction\":[{\"@type\":\"ReadAction\",\"target\":[\"https:\/\/rafaelpedrosadorado.com\/about\/\"]}]},{\"@type\":\"ImageObject\",\"inLanguage\":\"es\",\"@id\":\"https:\/\/rafaelpedrosadorado.com\/about\/#primaryimage\",\"url\":\"https:\/\/rafaelpedrosadorado.com\/wp-content\/uploads\/2026\/04\/about.webp\",\"contentUrl\":\"https:\/\/rafaelpedrosadorado.com\/wp-content\/uploads\/2026\/04\/about.webp\"},{\"@type\":\"BreadcrumbList\",\"@id\":\"https:\/\/rafaelpedrosadorado.com\/about\/#breadcrumb\",\"itemListElement\":[{\"@type\":\"ListItem\",\"position\":1,\"name\":\"Portada\",\"item\":\"https:\/\/rafaelpedrosadorado.com\/\"},{\"@type\":\"ListItem\",\"position\":2,\"name\":\"About\"}]},{\"@type\":\"WebSite\",\"@id\":\"https:\/\/rafaelpedrosadorado.com\/#website\",\"url\":\"https:\/\/rafaelpedrosadorado.com\/\",\"name\":\"Rafael Pedrosa Dorado - Artista Contempor\u00e1neo\",\"description\":\"Rafael Pedrosa Dorado es un Artista Contempor\u00e1neo, actualmente reside en Londres donde combina su trabajo con su proyecto personal art\u00edstico realizando exposiciones individuales y colectivas.\",\"publisher\":{\"@id\":\"https:\/\/rafaelpedrosadorado.com\/#\/schema\/person\/7d4133c80c78a165fec9e39c08c28963\"},\"potentialAction\":[{\"@type\":\"SearchAction\",\"target\":{\"@type\":\"EntryPoint\",\"urlTemplate\":\"https:\/\/rafaelpedrosadorado.com\/?s={search_term_string}\"},\"query-input\":{\"@type\":\"PropertyValueSpecification\",\"valueRequired\":true,\"valueName\":\"search_term_string\"}}],\"inLanguage\":\"es\"},{\"@type\":[\"Person\",\"Organization\"],\"@id\":\"https:\/\/rafaelpedrosadorado.com\/#\/schema\/person\/7d4133c80c78a165fec9e39c08c28963\",\"name\":\"Rafael Pedrosa Dorado\",\"image\":{\"@type\":\"ImageObject\",\"inLanguage\":\"es\",\"@id\":\"https:\/\/rafaelpedrosadorado.com\/wp-content\/uploads\/2022\/12\/movil-head-1.jpg\",\"url\":\"https:\/\/rafaelpedrosadorado.com\/wp-content\/uploads\/2022\/12\/movil-head-1.jpg\",\"contentUrl\":\"https:\/\/rafaelpedrosadorado.com\/wp-content\/uploads\/2022\/12\/movil-head-1.jpg\",\"width\":700,\"height\":700,\"caption\":\"Rafael Pedrosa Dorado\"},\"logo\":{\"@id\":\"https:\/\/rafaelpedrosadorado.com\/wp-content\/uploads\/2022\/12\/movil-head-1.jpg\"},\"sameAs\":[\"http:\/\/rafaelpedrosadorado.com\"]}]}<\/script>\n<!-- \/ Yoast SEO plugin. -->","yoast_head_json":{"title":"About -","robots":{"index":"index","follow":"follow","max-snippet":"max-snippet:-1","max-image-preview":"max-image-preview:large","max-video-preview":"max-video-preview:-1"},"canonical":"https:\/\/rafaelpedrosadorado.com\/es\/about\/","og_locale":"es_ES","og_type":"article","og_title":"About -","og_description":"About Walking is central to my practice. On everyday walks, I explore my relationship with the surroundings and observe how spaces are created, limited and used. I focus on physical boundaries\u2014particularly fences\u2014and how these define pathways and organise spaces. I am interested in their forms, materials and locations as well as\u00a0 their social and political [&hellip;]","og_url":"https:\/\/rafaelpedrosadorado.com\/es\/about\/","article_modified_time":"2026-04-26T11:10:14+00:00","og_image":[{"width":270,"height":1017,"url":"https:\/\/rafaelpedrosadorado.com\/wp-content\/uploads\/2026\/04\/about.webp","type":"image\/webp"}],"twitter_card":"summary_large_image","twitter_misc":{"Tiempo de lectura":"3 minutos"},"schema":{"@context":"https:\/\/schema.org","@graph":[{"@type":"WebPage","@id":"https:\/\/rafaelpedrosadorado.com\/about\/","url":"https:\/\/rafaelpedrosadorado.com\/about\/","name":"About -","isPartOf":{"@id":"https:\/\/rafaelpedrosadorado.com\/#website"},"primaryImageOfPage":{"@id":"https:\/\/rafaelpedrosadorado.com\/about\/#primaryimage"},"image":{"@id":"https:\/\/rafaelpedrosadorado.com\/about\/#primaryimage"},"thumbnailUrl":"https:\/\/rafaelpedrosadorado.com\/wp-content\/uploads\/2026\/04\/about.webp","datePublished":"2026-04-15T16:01:31+00:00","dateModified":"2026-04-26T11:10:14+00:00","breadcrumb":{"@id":"https:\/\/rafaelpedrosadorado.com\/about\/#breadcrumb"},"inLanguage":"es","potentialAction":[{"@type":"ReadAction","target":["https:\/\/rafaelpedrosadorado.com\/about\/"]}]},{"@type":"ImageObject","inLanguage":"es","@id":"https:\/\/rafaelpedrosadorado.com\/about\/#primaryimage","url":"https:\/\/rafaelpedrosadorado.com\/wp-content\/uploads\/2026\/04\/about.webp","contentUrl":"https:\/\/rafaelpedrosadorado.com\/wp-content\/uploads\/2026\/04\/about.webp"},{"@type":"BreadcrumbList","@id":"https:\/\/rafaelpedrosadorado.com\/about\/#breadcrumb","itemListElement":[{"@type":"ListItem","position":1,"name":"Portada","item":"https:\/\/rafaelpedrosadorado.com\/"},{"@type":"ListItem","position":2,"name":"About"}]},{"@type":"WebSite","@id":"https:\/\/rafaelpedrosadorado.com\/#website","url":"https:\/\/rafaelpedrosadorado.com\/","name":"Rafael Pedrosa Dorado - Artista Contempor\u00e1neo","description":"Rafael Pedrosa Dorado es un Artista Contempor\u00e1neo, actualmente reside en Londres donde combina su trabajo con su proyecto personal art\u00edstico realizando exposiciones individuales y colectivas.","publisher":{"@id":"https:\/\/rafaelpedrosadorado.com\/#\/schema\/person\/7d4133c80c78a165fec9e39c08c28963"},"potentialAction":[{"@type":"SearchAction","target":{"@type":"EntryPoint","urlTemplate":"https:\/\/rafaelpedrosadorado.com\/?s={search_term_string}"},"query-input":{"@type":"PropertyValueSpecification","valueRequired":true,"valueName":"search_term_string"}}],"inLanguage":"es"},{"@type":["Person","Organization"],"@id":"https:\/\/rafaelpedrosadorado.com\/#\/schema\/person\/7d4133c80c78a165fec9e39c08c28963","name":"Rafael Pedrosa Dorado","image":{"@type":"ImageObject","inLanguage":"es","@id":"https:\/\/rafaelpedrosadorado.com\/wp-content\/uploads\/2022\/12\/movil-head-1.jpg","url":"https:\/\/rafaelpedrosadorado.com\/wp-content\/uploads\/2022\/12\/movil-head-1.jpg","contentUrl":"https:\/\/rafaelpedrosadorado.com\/wp-content\/uploads\/2022\/12\/movil-head-1.jpg","width":700,"height":700,"caption":"Rafael Pedrosa Dorado"},"logo":{"@id":"https:\/\/rafaelpedrosadorado.com\/wp-content\/uploads\/2022\/12\/movil-head-1.jpg"},"sameAs":["http:\/\/rafaelpedrosadorado.com"]}]}},"jetpack_sharing_enabled":true,"_links":{"self":[{"href":"https:\/\/rafaelpedrosadorado.com\/es\/wp-json\/wp\/v2\/pages\/2419","targetHints":{"allow":["GET"]}}],"collection":[{"href":"https:\/\/rafaelpedrosadorado.com\/es\/wp-json\/wp\/v2\/pages"}],"about":[{"href":"https:\/\/rafaelpedrosadorado.com\/es\/wp-json\/wp\/v2\/types\/page"}],"author":[{"embeddable":true,"href":"https:\/\/rafaelpedrosadorado.com\/es\/wp-json\/wp\/v2\/users\/1"}],"replies":[{"embeddable":true,"href":"https:\/\/rafaelpedrosadorado.com\/es\/wp-json\/wp\/v2\/comments?post=2419"}],"version-history":[{"count":48,"href":"https:\/\/rafaelpedrosadorado.com\/es\/wp-json\/wp\/v2\/pages\/2419\/revisions"}],"predecessor-version":[{"id":2886,"href":"https:\/\/rafaelpedrosadorado.com\/es\/wp-json\/wp\/v2\/pages\/2419\/revisions\/2886"}],"wp:attachment":[{"href":"https:\/\/rafaelpedrosadorado.com\/es\/wp-json\/wp\/v2\/media?parent=2419"}],"curies":[{"name":"wp","href":"https:\/\/api.w.org\/{rel}","templated":true}]}}